{"id":79650,"date":"2026-09-05T11:03:36","date_gmt":"2026-09-05T11:03:36","guid":{"rendered":"https:\/\/tuzilastvo.me\/?post_type=tuzilastva&#038;p=79650"},"modified":"2026-09-05T11:03:37","modified_gmt":"2026-09-05T11:03:37","slug":"odredeno-zadrzavanje-i-predlozen-pritvor-osumnjicenom-za-nedozvoljene-polne-radnje","status":"publish","type":"tuzilastva","link":"https:\/\/tuzilastvo.me\/en\/tuzilastva\/odredeno-zadrzavanje-i-predlozen-pritvor-osumnjicenom-za-nedozvoljene-polne-radnje\/","title":{"rendered":"Odre\u0111eno zadr\u017eavanje i predlo\u017een pritvor osumnji\u010denom za nedozvoljene polne radnje"},"content":{"rendered":"<p><strong>Vi\u0161e dr\u017eavno tu\u017eila\u0161tvo u Podgorici odredilo je zadr\u017eavanje do 72 sata licu\u00a0 D.M. zbog osnovane sumnje da je tokom juna 2026. godine, u inostranstvu izvr\u0161io krivi\u010dno djelo nedozvoljene polne radnje na \u0161tetu maloljetnog lica. Tako\u0111e protiv osumnji\u010denig podnijet je predlog za odre\u0111ivanje pritvora nadle\u017enom sudu zbog postojanja okolnosti koje ukazuju da bi okrivljeni mogao pobje\u0107i i postati nedostupan dr\u017eavnim organima, okolnosti da \u0107e ometati krivi\u010dni postupak uticanjem na svjedoke, kao i okolnosti koje ukazuju da \u0107e ponoviti krivi\u010dno djelo.<\/strong><\/p>\n\n\n\n<p class=\"has-text-align-right\"><strong>VI\u0160E DR\u017dAVNO TU\u017dILA\u0160TVO<\/strong><\/p>\n\n\n\n<p class=\"has-text-align-right\"><strong>PODGORICA&nbsp; &nbsp; &nbsp; &nbsp; &nbsp; &nbsp;<\/strong><\/p>\n\n\n\n<p>Svim korisnicima koji prenose ili preuzimaju objavljenu informaciju o predmetima u kojim su lica prijavljena, osumnji\u010dena, okrivljena ili optu\u017eena za krivi\u010dna djela koja se gone po slu\u017ebenoj du\u017enosti, Vi\u0161e dr\u017eavno tu\u017eila\u0161tvo u Podgorici ukazuje na pretpostavku nevinosti zagarantovanu Ustavom Crrne Gore i Zakonikom o krivi\u010dnom postupku, koja podrazumijeva da se svako smatra nevinim dok se njegova krivica ne utvrdi pravosna\u017enom odlukom Suda.<\/p>\n\n\n\n<p><\/p>","protected":false},"excerpt":{"rendered":"<p>Vi\u0161e dr\u017eavno tu\u017eila\u0161tvo u Podgorici odredilo je zadr\u017eavanje do 72 sata licu\u00a0 D.M. zbog osnovane sumnje da je tokom juna [&hellip;]<\/p>","protected":false},"author":27,"featured_media":0,"comment_status":"closed","ping_status":"closed","template":"","meta":{"_acf_changed":false,"site-sidebar-layout":"default","site-content-layout":"","ast-site-content-layout":"","site-content-style":"default","site-sidebar-style":"default","ast-global-header-display":"","ast-banner-title-visibility":"","ast-main-header-display":"","ast-hfb-above-header-display":"","ast-hfb-below-header-display":"","ast-hfb-mobile-header-display":"","site-post-title":"","ast-breadcrumbs-content":"","ast-featured-img":"","footer-sml-layout":"","theme-transparent-header-meta":"","adv-header-id-meta":"","stick-header-meta":"","header-above-stick-meta":"","header-main-stick-meta":"","header-below-stick-meta":"","astra-migrate-meta-layouts":"default","ast-page-background-enabled":"default","ast-page-background-meta":{"desktop":{"background-color":"var(--ast-global-color-4)","background-image":"","background-repeat":"repeat","background-position":"center center","background-size":"auto","background-attachment":"scroll","background-type":"","background-media":"","overlay-type":"","overlay-color":"","overlay-opacity":"","overlay-gradient":""},"tablet":{"background-color":"","background-image":"","background-repeat":"repeat","background-position":"center center","background-size":"auto","background-attachment":"scroll","background-type":"","background-media":"","overlay-type":"","overlay-color":"","overlay-opacity":"","overlay-gradient":""},"mobile":{"background-color":"","background-image":"","background-repeat":"repeat","background-position":"center center","background-size":"auto","background-attachment":"scroll","background-type":"","background-media":"","overlay-type":"","overlay-color":"","overlay-opacity":"","overlay-gradient":""}},"ast-content-background-meta":{"desktop":{"background-color":"var(--ast-global-color-5)","background-image":"","background-repeat":"repeat","background-position":"center center","background-size":"auto","background-attachment":"scroll","background-type":"","background-media":"","overlay-type":"","overlay-color":"","overlay-opacity":"","overlay-gradient":""},"tablet":{"background-color":"var(--ast-global-color-5)","background-image":"","background-repeat":"repeat","background-position":"center center","background-size":"auto","background-attachment":"scroll","background-type":"","background-media":"","overlay-type":"","overlay-color":"","overlay-opacity":"","overlay-gradient":""},"mobile":{"background-color":"var(--ast-global-color-5)","background-image":"","background-repeat":"repeat","background-position":"center center","background-size":"auto","background-attachment":"scroll","background-type":"","background-media":"","overlay-type":"","overlay-color":"","overlay-opacity":"","overlay-gradient":""}}},"uredjivanje":[205],"vrsta_sadrzaja":[106],"class_list":["post-79650","tuzilastva","type-tuzilastva","status-publish","hentry","uredjivanje-vdt-podgorica","vrsta_sadrzaja-aktuelnosti"],"acf":[],"_links":{"self":[{"href":"https:\/\/tuzilastvo.me\/en\/wp-json\/wp\/v2\/tuzilastva\/79650","targetHints":{"allow":["GET"]}}],"collection":[{"href":"https:\/\/tuzilastvo.me\/en\/wp-json\/wp\/v2\/tuzilastva"}],"about":[{"href":"https:\/\/tuzilastvo.me\/en\/wp-json\/wp\/v2\/types\/tuzilastva"}],"author":[{"embeddable":true,"href":"https:\/\/tuzilastvo.me\/en\/wp-json\/wp\/v2\/users\/27"}],"replies":[{"embeddable":true,"href":"https:\/\/tuzilastvo.me\/en\/wp-json\/wp\/v2\/comments?post=79650"}],"wp:attachment":[{"href":"https:\/\/tuzilastvo.me\/en\/wp-json\/wp\/v2\/media?parent=79650"}],"wp:term":[{"taxonomy":"uredjivanje","embeddable":true,"href":"https:\/\/tuzilastvo.me\/en\/wp-json\/wp\/v2\/uredjivanje?post=79650"},{"taxonomy":"vrsta_sadrzaja","embeddable":true,"href":"https:\/\/tuzilastvo.me\/en\/wp-json\/wp\/v2\/vrsta_sadrzaja?post=79650"}],"curies":[{"name":"wp","href":"https:\/\/api.w.org\/{rel}","templated":true}]}}